{"id":15448,"date":"2021-11-30T17:25:07","date_gmt":"2021-11-30T17:25:07","guid":{"rendered":"https:\/\/p-guara.com\/wordpress\/?page_id=15448"},"modified":"2022-05-12T18:08:52","modified_gmt":"2022-05-12T18:08:52","slug":"refugio-pena-guara-casa-lardies-nocito","status":"publish","type":"page","link":"https:\/\/p-guara.com\/wordpress\/refugio-pena-guara-casa-lardies-nocito\/","title":{"rendered":"Refugio Pe\u00f1a Guara \u00abCasa Lardi\u00e9s\u00bb &#8211; Nocito"},"content":{"rendered":"\n<figure class=\"wp-block-image size-large\"><a href=\"https:\/\/p-guara.com\/wordpress\/wp-content\/uploads\/2021\/11\/NOCITO-DIN-A3.jpg\"><img loading=\"lazy\" width=\"1024\" height=\"470\" src=\"https:\/\/p-guara.com\/wordpress\/wp-content\/uploads\/2021\/11\/NOCITO-DIN-A3-1024x470.jpg\" alt=\"\" class=\"wp-image-15449\" srcset=\"https:\/\/p-guara.com\/wordpress\/wp-content\/uploads\/2021\/11\/NOCITO-DIN-A3-1024x470.jpg 1024w, https:\/\/p-guara.com\/wordpress\/wp-content\/uploads\/2021\/11\/NOCITO-DIN-A3-300x138.jpg 300w, https:\/\/p-guara.com\/wordpress\/wp-content\/uploads\/2021\/11\/NOCITO-DIN-A3-768x353.jpg 768w, https:\/\/p-guara.com\/wordpress\/wp-content\/uploads\/2021\/11\/NOCITO-DIN-A3-1536x705.jpg 1536w, https:\/\/p-guara.com\/wordpress\/wp-content\/uploads\/2021\/11\/NOCITO-DIN-A3-2048x940.jpg 2048w\" sizes=\"(max-width: 1024px) 100vw, 1024px\" \/><\/a><\/figure>\n\n\n\n<p><strong>GALER\u00cdA DE FOTOS DEL 12 DE MAYO, YA FALTA MENOS&#8230;<\/strong><\/p>\n\n\n<!-- meta slider -->\n<div style=\"width: 100%; margin: 0 auto;\" class=\"metaslider metaslider-responsive metaslider-16295 ml-slider\">\n    \n    <div id=\"metaslider_container_16295\">\n        <ul id='metaslider_16295' class='rslides'>\n            <li><img src=\"http:\/\/p-guara.com\/wordpress\/wp-content\/uploads\/2022\/05\/20220512_125617-scaled-600x1000.jpg\" height=\"1000\" width=\"600\" class=\"slider-16295 slide-16293\" \/><\/li>\n            <li style='display: none;'><img src=\"http:\/\/p-guara.com\/wordpress\/wp-content\/uploads\/2022\/05\/20220512_125648-scaled-600x1000.jpg\" height=\"1000\" width=\"600\" class=\"slider-16295 slide-16294\" \/><\/li>\n            <li style='display: none;'><img src=\"http:\/\/p-guara.com\/wordpress\/wp-content\/uploads\/2022\/05\/20220512_125727-scaled-600x1000.jpg\" height=\"1000\" width=\"600\" class=\"slider-16295 slide-16277\" \/><\/li>\n            <li style='display: none;'><img src=\"http:\/\/p-guara.com\/wordpress\/wp-content\/uploads\/2022\/05\/20220512_125516-scaled-600x1000.jpg\" height=\"1000\" width=\"600\" class=\"slider-16295 slide-16292\" \/><\/li>\n            <li style='display: none;'><img src=\"http:\/\/p-guara.com\/wordpress\/wp-content\/uploads\/2022\/05\/20220512_125505-scaled-600x1000.jpg\" height=\"1000\" width=\"600\" class=\"slider-16295 slide-16291\" \/><\/li>\n            <li style='display: none;'><img src=\"http:\/\/p-guara.com\/wordpress\/wp-content\/uploads\/2022\/05\/20220512_125333-scaled-600x1000.jpg\" height=\"1000\" width=\"600\" class=\"slider-16295 slide-16290\" \/><\/li>\n            <li style='display: none;'><img src=\"http:\/\/p-guara.com\/wordpress\/wp-content\/uploads\/2022\/05\/20220512_125303-scaled-600x1000.jpg\" height=\"1000\" width=\"600\" class=\"slider-16295 slide-16289\" \/><\/li>\n            <li style='display: none;'><img src=\"http:\/\/p-guara.com\/wordpress\/wp-content\/uploads\/2022\/05\/20220512_125241-scaled-600x1000.jpg\" height=\"1000\" width=\"600\" class=\"slider-16295 slide-16288\" \/><\/li>\n            <li style='display: none;'><img src=\"http:\/\/p-guara.com\/wordpress\/wp-content\/uploads\/2022\/05\/20220512_125232-scaled-600x1000.jpg\" height=\"1000\" width=\"600\" class=\"slider-16295 slide-16287\" \/><\/li>\n            <li style='display: none;'><img src=\"http:\/\/p-guara.com\/wordpress\/wp-content\/uploads\/2022\/05\/20220512_125220-scaled-600x1000.jpg\" height=\"1000\" width=\"600\" class=\"slider-16295 slide-16286\" \/><\/li>\n            <li style='display: none;'><img src=\"http:\/\/p-guara.com\/wordpress\/wp-content\/uploads\/2022\/05\/20220512_125207-scaled-600x1000.jpg\" height=\"1000\" width=\"600\" class=\"slider-16295 slide-16285\" \/><\/li>\n            <li style='display: none;'><img src=\"http:\/\/p-guara.com\/wordpress\/wp-content\/uploads\/2022\/05\/20220512_125145-scaled-600x1000.jpg\" height=\"1000\" width=\"600\" class=\"slider-16295 slide-16284\" \/><\/li>\n            <li style='display: none;'><img src=\"http:\/\/p-guara.com\/wordpress\/wp-content\/uploads\/2022\/05\/20220512_125122-scaled-600x1000.jpg\" height=\"1000\" width=\"600\" class=\"slider-16295 slide-16283\" \/><\/li>\n            <li style='display: none;'><img src=\"http:\/\/p-guara.com\/wordpress\/wp-content\/uploads\/2022\/05\/20220512_130125-scaled-600x1000.jpg\" height=\"1000\" width=\"600\" class=\"slider-16295 slide-16282\" \/><\/li>\n            <li style='display: none;'><img src=\"http:\/\/p-guara.com\/wordpress\/wp-content\/uploads\/2022\/05\/20220512_125902-scaled-600x1000.jpg\" height=\"1000\" width=\"600\" class=\"slider-16295 slide-16281\" \/><\/li>\n            <li style='display: none;'><img src=\"http:\/\/p-guara.com\/wordpress\/wp-content\/uploads\/2022\/05\/20220512_125830-scaled-600x1000.jpg\" height=\"1000\" width=\"600\" class=\"slider-16295 slide-16280\" \/><\/li>\n            <li style='display: none;'><img src=\"http:\/\/p-guara.com\/wordpress\/wp-content\/uploads\/2022\/05\/20220512_125825-scaled-600x1000.jpg\" height=\"1000\" width=\"600\" class=\"slider-16295 slide-16279\" \/><\/li>\n            <li style='display: none;'><img src=\"http:\/\/p-guara.com\/wordpress\/wp-content\/uploads\/2022\/05\/20220512_125749-scaled-600x1000.jpg\" height=\"1000\" width=\"600\" class=\"slider-16295 slide-16278\" \/><\/li>\n        <\/ul>\n        \n    <\/div>\n    <script type=\"text\/javascript\">\n        var metaslider_16295 = function($) {\n            $('#metaslider_16295').responsiveSlides({ \n                timeout:4000,\n                pager:false,\n                nav:false,\n                pause:false,\n                speed:1000,\n                prevText:\"<\",\n                nextText:\">\",\n                auto:true\n            });\n        };\n        var timer_metaslider_16295 = function() {\n            var slider = !window.jQuery ? window.setTimeout(timer_metaslider_16295, 100) : !jQuery.isReady ? window.setTimeout(timer_metaslider_16295, 100) : metaslider_16295(window.jQuery);\n        };\n        timer_metaslider_16295();\n    <\/script>\n<\/div>\n<!--\/\/ meta slider-->\n\n\n\n<h4 class=\"has-text-align-center\"><strong><u><span class=\"has-inline-color has-vivid-cyan-blue-color\">ANTECEDENTES CONTRUCCI\u00d3N REFUGIO EN NOCITO<\/span><\/u><\/strong><\/h4>\n\n\n\n<ul><li>En 1973 Pe\u00f1a Guara adquiri\u00f3 previa donaci\u00f3n de D. Jos\u00e9 Cardus Naya una casa en estado ruinoso en la localidad de Nocito con la finalidad de construir un Refugio de Monta\u00f1a para albergar monta\u00f1eros que ya transitaban por esas zonas totalmente abandonadas.<\/li><li>En 1986 &nbsp;es derribada la casa propiedad de Pe\u00f1a Guara dado su estado ruinoso. Ese mismo a\u00f1o se inician las conversaciones con el Ayuntamiento de Nueno para proceder a una permuta de los terrenos, facilitando de esa forma que el solar en esos momentos propiedad de Pe\u00f1a Guara quedase como plaza en el pueblo y as\u00ed poder facilitar el transito de veh\u00edculos en la parte alta de la localidad.<\/li><li>Desde 1986 hasta 2014 se mantienen conversaciones, reuniones y escritos con el Ayuntamiento de Nueno para solucionar la permuta del Terreno.<\/li><li>En 2015 y despu\u00e9s del proceso t\u00e9cnico-jur\u00eddico correspondiente se realiza la permuta del terreno con la intenci\u00f3n de construir un Albergue-Refugio.<\/li><li>En 2017 se encarga el proyecto del Refugio, actuaci\u00f3n conjunta del Ayuntamiento de Nueno y Pe\u00f1a Guara en los terrenos de propiedad de ambos.<\/li><li>En 2018 y cuando se iniciaba los tr\u00e1mites de solicitud de permisos para el inicio de la obra, existe la oportunidad de adquirir un edificio antiguo de construcci\u00f3n popular en la misma localidad para dedicarlo a la misma finalidad. Reunidas las partes se acuerda el cambiar el plan de actuaci\u00f3n ya que la adquisici\u00f3n de ese edificio llevar\u00eda mejores prestaciones y beneficios especialmente sociales para el territorio.<\/li><\/ul>\n\n\n\n<h4 class=\"has-text-align-center\"><strong><u><span class=\"has-inline-color has-vivid-cyan-blue-color\">PLANTEAMIENTO DE LA NUEVA ACTUACI\u00d3N<\/span><\/u><\/strong><\/h4>\n\n\n\n<p>La adquisici\u00f3n del edificio conocido como Casa Lardies supone el cambiar todo el proyecto de obra, pero no la finalidad, esta casa de dos plantas de una superficie de 200 m2 por planta y con aprovechamiento de las falsas, tiene adosado un corral tambi\u00e9n de la misma superficie.<\/p>\n\n\n\n<p>La casa dispone de dos elementos de construcci\u00f3n popular a respetar en la actuaci\u00f3n, un horno de pan y una cocina con chimenea t\u00edpica del Serrablo. Dada su superficie y con una inversi\u00f3n total que superar\u00e1 los 1.100.000 euros permitir\u00e1 el completar una actuaci\u00f3n con los siguientes servicios.<\/p>\n\n\n\n<ul><li>Refugio de monta\u00f1a para 35 pax (cifra ideal para poder albergar grupos de 30 personas y que se desplacen en autob\u00fas (excursiones de clubes de monta\u00f1a con actividades de senderismo \u00f3 cursos de iniciaci\u00f3n al monta\u00f1ismo, BTT, aulas de naturaleza, actividades de colegios, etc.)<\/li><li>Refugio que al poder cubrir el corral adosado permite el disponer de un comedor para 150 personas. (Infraestructura que evitar\u00e1 el seguir alquilando carpas para la celebraci\u00f3n de actos comarcales \u00f3 municipales, fiesta oficial del pueblo, reuniones de los vecinos, etc., as\u00ed como punto de organizaci\u00f3n de eventos deportivos que actualmente se organizan en la localidad \u2013carreras por monta\u00f1a, marchas senderistas \u2013 y que no disponen en la actualidad de infraestructuras para poder albergar la organizaci\u00f3n de estos eventos.<\/li><li>Refugio que al disponer del espacio multiusos puede ser utilizado tambi\u00e9n como sala de control de emergencias (incendios, etc.)<\/li><\/ul>\n\n\n\n<p>En el planteamiento de la nueva actuaci\u00f3n tambi\u00e9n est\u00e1 previsto el dotarlo de los correspondientes servicios para que puedan habitar en \u00e9l una guarder\u00eda y as\u00ed poder tener el refugio abierto todo el a\u00f1o.<\/p>\n\n\n\n<h4 class=\"has-text-align-center\"><strong><u><span class=\"has-inline-color has-vivid-cyan-blue-color\">BENEFICIOS SOCIALES &#8211; ECONOMICOS DE LA NUEVA ACTUACI\u00d3N<\/span><\/u><\/strong><\/h4>\n\n\n\n<p><strong><u>Econ\u00f3micos<\/u><\/strong><\/p>\n\n\n\n<ul><li>Disponer de una infraestructura que permitir\u00e1 el incrementar y mejorar los servicios para los grupos humanos que se desplazan a la zona, instalaci\u00f3n que prestar\u00e1 servicio todo el a\u00f1o.<\/li><li>Disponer de una instalaci\u00f3n que a buen seguro incrementar\u00e1 la presencia de nuevos grupos humanos en el territorio ya que en estos momentos y en todo el eje norte del Parque Natural de la Sierra y Ca\u00f1ones de Guara no hay una instalaci\u00f3n de estas caracter\u00edsticas.<\/li><li>Disponer de una instalaci\u00f3n que generar\u00e1 nueva actividad econ\u00f3mica con el incremento de habitantes en la localidad (guarder\u00eda).<\/li><li>Disponer de una instalaci\u00f3n que albergar\u00e1 un recinto para realizar actos municipales con el consiguiente ahorro econ\u00f3mico al evitar alquilar estructuras provisionales (carpas, etc.).<\/li><\/ul>\n\n\n\n<p><strong><u>Sociales<\/u><\/strong><\/p>\n\n\n\n<ul><li>Disponer de una instalaci\u00f3n que permitir\u00e1 que durante todo el a\u00f1o y una vez que est\u00e9 abierto haya poblaci\u00f3n activa y de control en la localidad las 24 horas y 365 d\u00edas del a\u00f1o.<\/li><li>Disponer de una instalaci\u00f3n que en caso de cat\u00e1strofes (incendios, etc.) pueda albergar un puesto de mando y control de la situaci\u00f3n.<\/li><li>Disponer de una instalaci\u00f3n que permitir\u00e1 mejorar la organizaci\u00f3n de los eventos deportivos que en el valle se celebran.<\/li><li>Disponer de una instalaci\u00f3n de acogida y servicios en un punto estrat\u00e9gico para las nuevas inversiones realizadas en la zona como es el Sendero de San Urbez, (infraestructura senderista de gran recorrido que permite unir el valle de A\u00f1isclo y la ciudad de Huesca), actuaci\u00f3n que ha sido financiada por la Diputaci\u00f3n Provincial de Huesca.<\/li><li>Disponer de una instalaci\u00f3n de acogida y servicios en un punto estrat\u00e9gico para la futura apertura de comunicaci\u00f3n vial del eje Norte de Guara. (Proyecto licitado por el Gobierno de Arag\u00f3n)<\/li><\/ul>\n\n\n\n<p>As\u00ed mismo y a nivel de Pe\u00f1a Guara la realizaci\u00f3n de esta actuaci\u00f3n nos hace cumplir el compromiso adquirido en 1973 de construir un refugio para los monta\u00f1eros en Nocito.<\/p>\n\n\n\n<h4 class=\"has-text-align-center\"><strong><u><span class=\"has-inline-color has-vivid-cyan-blue-color\">SITUACION T\u00c9CNICA REFUGIO CASA LARDIES-EDIFICIO MULTIUSOS&nbsp;&nbsp;<\/span><\/u><\/strong><\/h4>\n\n\n\n<ul><li>Propiedad: AYUNTAMIENTO DE NUENO<\/li><li>Gesti\u00f3n:&nbsp;PE\u00d1A GUARA, mediante firma convenio de cesi\u00f3n de uso por 55 a\u00f1os renovable con el Ayuntamiento de Nueno.<\/li><li>Promotor de la obra:&nbsp;&nbsp; PE\u00d1A GUARA<\/li><\/ul>\n\n\n\n<p>Construcci\u00f3n a realizar:<\/p>\n\n\n\n<ul><li>Rehabilitaci\u00f3n edificio 3 plantas (baja, 1\u00aa y 2\u00aa) para albergar los servicios de Refugio, manteniendo todos los valores de construcci\u00f3n popular que tiene la casa, especialmente&nbsp;su horno de pan y la cocina aragonesa con su cadiera de madera y chimenea, tejado de laja,&nbsp;paredes de piedra y arcos interiores.<\/li><li>Construcci\u00f3n de un edificio de una planta en los corrales aleda\u00f1os de la casa para uso como Sal\u00f3n Multiusos.<\/li><\/ul>\n\n\n\n<p>Dada la complejidad de la rehabilitaci\u00f3n a efectuar y al tener que estar dichos edificios solapados es de muy alta dificultad t\u00e9cnica el realizar la intervenci\u00f3n en dos fases de obra distintas y separadas.<\/p>\n\n\n\n<figure class=\"wp-block-gallery columns-3 is-cropped\"><ul class=\"blocks-gallery-grid\"><li class=\"blocks-gallery-item\"><figure><a href=\"https:\/\/p-guara.com\/wordpress\/wp-content\/uploads\/2021\/12\/FOTO-2-BODEGA.jpg\"><img loading=\"lazy\" width=\"1600\" height=\"1200\" src=\"https:\/\/p-guara.com\/wordpress\/wp-content\/uploads\/2021\/12\/FOTO-2-BODEGA.jpg\" alt=\"\" data-id=\"15476\" data-link=\"https:\/\/p-guara.com\/wordpress\/refugio-pena-guara-casa-lardies-nocito\/foto-2-bodega\/\" class=\"wp-image-15476\" srcset=\"https:\/\/p-guara.com\/wordpress\/wp-content\/uploads\/2021\/12\/FOTO-2-BODEGA.jpg 1600w, https:\/\/p-guara.com\/wordpress\/wp-content\/uploads\/2021\/12\/FOTO-2-BODEGA-300x225.jpg 300w, https:\/\/p-guara.com\/wordpress\/wp-content\/uploads\/2021\/12\/FOTO-2-BODEGA-1024x768.jpg 1024w, https:\/\/p-guara.com\/wordpress\/wp-content\/uploads\/2021\/12\/FOTO-2-BODEGA-768x576.jpg 768w, https:\/\/p-guara.com\/wordpress\/wp-content\/uploads\/2021\/12\/FOTO-2-BODEGA-1536x1152.jpg 1536w\" sizes=\"(max-width: 1600px) 100vw, 1600px\" \/><\/a><figcaption class=\"blocks-gallery-item__caption\"><strong>Bodega<\/strong><\/figcaption><\/figure><\/li><li class=\"blocks-gallery-item\"><figure><a href=\"https:\/\/p-guara.com\/wordpress\/wp-content\/uploads\/2021\/12\/FOTO-3-CADIERA-HOGAR-COCINA.jpg\"><img loading=\"lazy\" width=\"1600\" height=\"1200\" src=\"https:\/\/p-guara.com\/wordpress\/wp-content\/uploads\/2021\/12\/FOTO-3-CADIERA-HOGAR-COCINA.jpg\" alt=\"\" data-id=\"15477\" data-link=\"https:\/\/p-guara.com\/wordpress\/refugio-pena-guara-casa-lardies-nocito\/foto-3-cadiera-hogar-cocina\/\" class=\"wp-image-15477\" srcset=\"https:\/\/p-guara.com\/wordpress\/wp-content\/uploads\/2021\/12\/FOTO-3-CADIERA-HOGAR-COCINA.jpg 1600w, https:\/\/p-guara.com\/wordpress\/wp-content\/uploads\/2021\/12\/FOTO-3-CADIERA-HOGAR-COCINA-300x225.jpg 300w, https:\/\/p-guara.com\/wordpress\/wp-content\/uploads\/2021\/12\/FOTO-3-CADIERA-HOGAR-COCINA-1024x768.jpg 1024w, https:\/\/p-guara.com\/wordpress\/wp-content\/uploads\/2021\/12\/FOTO-3-CADIERA-HOGAR-COCINA-768x576.jpg 768w, https:\/\/p-guara.com\/wordpress\/wp-content\/uploads\/2021\/12\/FOTO-3-CADIERA-HOGAR-COCINA-1536x1152.jpg 1536w\" sizes=\"(max-width: 1600px) 100vw, 1600px\" \/><\/a><figcaption class=\"blocks-gallery-item__caption\"><strong>Cadiera &#8211; Hogar &#8211; Cocina<\/strong><\/figcaption><\/figure><\/li><li class=\"blocks-gallery-item\"><figure><a href=\"https:\/\/p-guara.com\/wordpress\/wp-content\/uploads\/2021\/12\/FOTO-4-PATIO-ENTRADA-REFUGIO-FOTO-jAVIER-BLASCO-.jpg\"><img loading=\"lazy\" width=\"1772\" height=\"1181\" src=\"https:\/\/p-guara.com\/wordpress\/wp-content\/uploads\/2021\/12\/FOTO-4-PATIO-ENTRADA-REFUGIO-FOTO-jAVIER-BLASCO-.jpg\" alt=\"\" data-id=\"15478\" data-link=\"https:\/\/p-guara.com\/wordpress\/refugio-pena-guara-casa-lardies-nocito\/foto-4-patio-entrada-refugio-foto-javier-blasco\/\" class=\"wp-image-15478\" srcset=\"https:\/\/p-guara.com\/wordpress\/wp-content\/uploads\/2021\/12\/FOTO-4-PATIO-ENTRADA-REFUGIO-FOTO-jAVIER-BLASCO-.jpg 1772w, https:\/\/p-guara.com\/wordpress\/wp-content\/uploads\/2021\/12\/FOTO-4-PATIO-ENTRADA-REFUGIO-FOTO-jAVIER-BLASCO--300x200.jpg 300w, https:\/\/p-guara.com\/wordpress\/wp-content\/uploads\/2021\/12\/FOTO-4-PATIO-ENTRADA-REFUGIO-FOTO-jAVIER-BLASCO--1024x682.jpg 1024w, https:\/\/p-guara.com\/wordpress\/wp-content\/uploads\/2021\/12\/FOTO-4-PATIO-ENTRADA-REFUGIO-FOTO-jAVIER-BLASCO--768x512.jpg 768w, https:\/\/p-guara.com\/wordpress\/wp-content\/uploads\/2021\/12\/FOTO-4-PATIO-ENTRADA-REFUGIO-FOTO-jAVIER-BLASCO--1536x1024.jpg 1536w\" sizes=\"(max-width: 1772px) 100vw, 1772px\" \/><\/a><figcaption class=\"blocks-gallery-item__caption\"><strong>Patio Entrada Refugio<\/strong><\/figcaption><\/figure><\/li><li class=\"blocks-gallery-item\"><figure><a href=\"https:\/\/p-guara.com\/wordpress\/wp-content\/uploads\/2021\/12\/FOTO-5-INTERIOR-HABITACION-DE-LOS-GUARDAS.jpg\"><img loading=\"lazy\" width=\"1800\" height=\"1350\" src=\"https:\/\/p-guara.com\/wordpress\/wp-content\/uploads\/2021\/12\/FOTO-5-INTERIOR-HABITACION-DE-LOS-GUARDAS.jpg\" alt=\"\" data-id=\"15479\" data-link=\"https:\/\/p-guara.com\/wordpress\/refugio-pena-guara-casa-lardies-nocito\/foto-5-interior-habitacion-de-los-guardas\/\" class=\"wp-image-15479\" srcset=\"https:\/\/p-guara.com\/wordpress\/wp-content\/uploads\/2021\/12\/FOTO-5-INTERIOR-HABITACION-DE-LOS-GUARDAS.jpg 1800w, https:\/\/p-guara.com\/wordpress\/wp-content\/uploads\/2021\/12\/FOTO-5-INTERIOR-HABITACION-DE-LOS-GUARDAS-300x225.jpg 300w, https:\/\/p-guara.com\/wordpress\/wp-content\/uploads\/2021\/12\/FOTO-5-INTERIOR-HABITACION-DE-LOS-GUARDAS-1024x768.jpg 1024w, https:\/\/p-guara.com\/wordpress\/wp-content\/uploads\/2021\/12\/FOTO-5-INTERIOR-HABITACION-DE-LOS-GUARDAS-768x576.jpg 768w, https:\/\/p-guara.com\/wordpress\/wp-content\/uploads\/2021\/12\/FOTO-5-INTERIOR-HABITACION-DE-LOS-GUARDAS-1536x1152.jpg 1536w\" sizes=\"(max-width: 1800px) 100vw, 1800px\" \/><\/a><figcaption class=\"blocks-gallery-item__caption\"><strong>Interior Habitaci\u00f3n Guardas<\/strong><\/figcaption><\/figure><\/li><li class=\"blocks-gallery-item\"><figure><a href=\"https:\/\/p-guara.com\/wordpress\/wp-content\/uploads\/2021\/12\/FOTO-6-CORRAL.jpg\"><img loading=\"lazy\" width=\"1800\" height=\"1350\" src=\"https:\/\/p-guara.com\/wordpress\/wp-content\/uploads\/2021\/12\/FOTO-6-CORRAL.jpg\" alt=\"\" data-id=\"15480\" data-link=\"https:\/\/p-guara.com\/wordpress\/refugio-pena-guara-casa-lardies-nocito\/foto-6-corral\/\" class=\"wp-image-15480\" srcset=\"https:\/\/p-guara.com\/wordpress\/wp-content\/uploads\/2021\/12\/FOTO-6-CORRAL.jpg 1800w, https:\/\/p-guara.com\/wordpress\/wp-content\/uploads\/2021\/12\/FOTO-6-CORRAL-300x225.jpg 300w, https:\/\/p-guara.com\/wordpress\/wp-content\/uploads\/2021\/12\/FOTO-6-CORRAL-1024x768.jpg 1024w, https:\/\/p-guara.com\/wordpress\/wp-content\/uploads\/2021\/12\/FOTO-6-CORRAL-768x576.jpg 768w, https:\/\/p-guara.com\/wordpress\/wp-content\/uploads\/2021\/12\/FOTO-6-CORRAL-1536x1152.jpg 1536w\" sizes=\"(max-width: 1800px) 100vw, 1800px\" \/><\/a><figcaption class=\"blocks-gallery-item__caption\"><strong>Corral<\/strong><\/figcaption><\/figure><\/li><li class=\"blocks-gallery-item\"><figure><a href=\"https:\/\/p-guara.com\/wordpress\/wp-content\/uploads\/2021\/12\/FOTO-7-CORRAL-EN-REHABILITACION-FOTO-JAVIER-BLASCO-1.jpg\"><img loading=\"lazy\" width=\"1772\" height=\"1181\" src=\"https:\/\/p-guara.com\/wordpress\/wp-content\/uploads\/2021\/12\/FOTO-7-CORRAL-EN-REHABILITACION-FOTO-JAVIER-BLASCO-1.jpg\" alt=\"\" data-id=\"15484\" data-full-url=\"https:\/\/p-guara.com\/wordpress\/wp-content\/uploads\/2021\/12\/FOTO-7-CORRAL-EN-REHABILITACION-FOTO-JAVIER-BLASCO-1.jpg\" data-link=\"https:\/\/p-guara.com\/wordpress\/refugio-pena-guara-casa-lardies-nocito\/foto-7-corral-en-rehabilitacion-foto-javier-blasco-1\/\" class=\"wp-image-15484\" srcset=\"https:\/\/p-guara.com\/wordpress\/wp-content\/uploads\/2021\/12\/FOTO-7-CORRAL-EN-REHABILITACION-FOTO-JAVIER-BLASCO-1.jpg 1772w, https:\/\/p-guara.com\/wordpress\/wp-content\/uploads\/2021\/12\/FOTO-7-CORRAL-EN-REHABILITACION-FOTO-JAVIER-BLASCO-1-300x200.jpg 300w, https:\/\/p-guara.com\/wordpress\/wp-content\/uploads\/2021\/12\/FOTO-7-CORRAL-EN-REHABILITACION-FOTO-JAVIER-BLASCO-1-1024x682.jpg 1024w, https:\/\/p-guara.com\/wordpress\/wp-content\/uploads\/2021\/12\/FOTO-7-CORRAL-EN-REHABILITACION-FOTO-JAVIER-BLASCO-1-768x512.jpg 768w, https:\/\/p-guara.com\/wordpress\/wp-content\/uploads\/2021\/12\/FOTO-7-CORRAL-EN-REHABILITACION-FOTO-JAVIER-BLASCO-1-1536x1024.jpg 1536w\" sizes=\"(max-width: 1772px) 100vw, 1772px\" \/><\/a><figcaption class=\"blocks-gallery-item__caption\"><strong>Corral en Rehabilitaci\u00f3n<\/strong><\/figcaption><\/figure><\/li><li class=\"blocks-gallery-item\"><figure><a href=\"https:\/\/p-guara.com\/wordpress\/wp-content\/uploads\/2021\/12\/FOTO-8-PARTE-POSTERIOR-ANTES-DE-ACTUACION-1.jpg\"><img loading=\"lazy\" width=\"1642\" height=\"699\" src=\"https:\/\/p-guara.com\/wordpress\/wp-content\/uploads\/2021\/12\/FOTO-8-PARTE-POSTERIOR-ANTES-DE-ACTUACION-1.jpg\" alt=\"\" data-id=\"15483\" data-link=\"https:\/\/p-guara.com\/wordpress\/refugio-pena-guara-casa-lardies-nocito\/foto-8-parte-posterior-antes-de-actuacion-1\/\" class=\"wp-image-15483\" srcset=\"https:\/\/p-guara.com\/wordpress\/wp-content\/uploads\/2021\/12\/FOTO-8-PARTE-POSTERIOR-ANTES-DE-ACTUACION-1.jpg 1642w, https:\/\/p-guara.com\/wordpress\/wp-content\/uploads\/2021\/12\/FOTO-8-PARTE-POSTERIOR-ANTES-DE-ACTUACION-1-300x128.jpg 300w, https:\/\/p-guara.com\/wordpress\/wp-content\/uploads\/2021\/12\/FOTO-8-PARTE-POSTERIOR-ANTES-DE-ACTUACION-1-1024x436.jpg 1024w, https:\/\/p-guara.com\/wordpress\/wp-content\/uploads\/2021\/12\/FOTO-8-PARTE-POSTERIOR-ANTES-DE-ACTUACION-1-768x327.jpg 768w, https:\/\/p-guara.com\/wordpress\/wp-content\/uploads\/2021\/12\/FOTO-8-PARTE-POSTERIOR-ANTES-DE-ACTUACION-1-1536x654.jpg 1536w\" sizes=\"(max-width: 1642px) 100vw, 1642px\" \/><\/a><figcaption class=\"blocks-gallery-item__caption\"><strong>Parte Posterior &#8211; Antes<\/strong><\/figcaption><\/figure><\/li><li class=\"blocks-gallery-item\"><figure><a href=\"https:\/\/p-guara.com\/wordpress\/wp-content\/uploads\/2021\/12\/FOTO-9-PARTE-POSTERIOR-DESPUES-DE-ACTUACION.jpeg\"><img loading=\"lazy\" width=\"1992\" height=\"920\" src=\"https:\/\/p-guara.com\/wordpress\/wp-content\/uploads\/2021\/12\/FOTO-9-PARTE-POSTERIOR-DESPUES-DE-ACTUACION.jpeg\" alt=\"\" data-id=\"15470\" data-link=\"https:\/\/p-guara.com\/wordpress\/refugio-pena-guara-casa-lardies-nocito\/foto-9-parte-posterior-despues-de-actuacion\/\" class=\"wp-image-15470\" srcset=\"https:\/\/p-guara.com\/wordpress\/wp-content\/uploads\/2021\/12\/FOTO-9-PARTE-POSTERIOR-DESPUES-DE-ACTUACION.jpeg 1992w, https:\/\/p-guara.com\/wordpress\/wp-content\/uploads\/2021\/12\/FOTO-9-PARTE-POSTERIOR-DESPUES-DE-ACTUACION-300x139.jpeg 300w, https:\/\/p-guara.com\/wordpress\/wp-content\/uploads\/2021\/12\/FOTO-9-PARTE-POSTERIOR-DESPUES-DE-ACTUACION-1024x473.jpeg 1024w, https:\/\/p-guara.com\/wordpress\/wp-content\/uploads\/2021\/12\/FOTO-9-PARTE-POSTERIOR-DESPUES-DE-ACTUACION-768x355.jpeg 768w, https:\/\/p-guara.com\/wordpress\/wp-content\/uploads\/2021\/12\/FOTO-9-PARTE-POSTERIOR-DESPUES-DE-ACTUACION-1536x709.jpeg 1536w\" sizes=\"(max-width: 1992px) 100vw, 1992px\" \/><\/a><figcaption class=\"blocks-gallery-item__caption\"><strong>Parte Posterior &#8211; Despu\u00e9s<\/strong><\/figcaption><\/figure><\/li><li class=\"blocks-gallery-item\"><figure><a href=\"https:\/\/p-guara.com\/wordpress\/wp-content\/uploads\/2021\/12\/FOTO-10-CASA-PENA-GUARA-NOCITO-1973.jpeg\"><img loading=\"lazy\" width=\"2000\" height=\"900\" src=\"https:\/\/p-guara.com\/wordpress\/wp-content\/uploads\/2021\/12\/FOTO-10-CASA-PENA-GUARA-NOCITO-1973.jpeg\" alt=\"\" data-id=\"15471\" data-link=\"https:\/\/p-guara.com\/wordpress\/refugio-pena-guara-casa-lardies-nocito\/foto-10-casa-pena-guara-nocito-1973\/\" class=\"wp-image-15471\" srcset=\"https:\/\/p-guara.com\/wordpress\/wp-content\/uploads\/2021\/12\/FOTO-10-CASA-PENA-GUARA-NOCITO-1973.jpeg 2000w, https:\/\/p-guara.com\/wordpress\/wp-content\/uploads\/2021\/12\/FOTO-10-CASA-PENA-GUARA-NOCITO-1973-300x135.jpeg 300w, https:\/\/p-guara.com\/wordpress\/wp-content\/uploads\/2021\/12\/FOTO-10-CASA-PENA-GUARA-NOCITO-1973-1024x461.jpeg 1024w, https:\/\/p-guara.com\/wordpress\/wp-content\/uploads\/2021\/12\/FOTO-10-CASA-PENA-GUARA-NOCITO-1973-768x346.jpeg 768w, https:\/\/p-guara.com\/wordpress\/wp-content\/uploads\/2021\/12\/FOTO-10-CASA-PENA-GUARA-NOCITO-1973-1536x691.jpeg 1536w\" sizes=\"(max-width: 2000px) 100vw, 2000px\" \/><\/a><figcaption class=\"blocks-gallery-item__caption\"><strong>Casa Pe\u00f1a Guara Nocito 1973<\/strong><\/figcaption><\/figure><\/li><li class=\"blocks-gallery-item\"><figure><a href=\"https:\/\/p-guara.com\/wordpress\/wp-content\/uploads\/2021\/12\/FOTO-11-CASA-LARDIES-ANTES-REHABILITACION.jpg\"><img loading=\"lazy\" width=\"1600\" height=\"1200\" src=\"https:\/\/p-guara.com\/wordpress\/wp-content\/uploads\/2021\/12\/FOTO-11-CASA-LARDIES-ANTES-REHABILITACION.jpg\" alt=\"\" data-id=\"15472\" data-link=\"https:\/\/p-guara.com\/wordpress\/refugio-pena-guara-casa-lardies-nocito\/foto-11-casa-lardies-antes-rehabilitacion\/\" class=\"wp-image-15472\" srcset=\"https:\/\/p-guara.com\/wordpress\/wp-content\/uploads\/2021\/12\/FOTO-11-CASA-LARDIES-ANTES-REHABILITACION.jpg 1600w, https:\/\/p-guara.com\/wordpress\/wp-content\/uploads\/2021\/12\/FOTO-11-CASA-LARDIES-ANTES-REHABILITACION-300x225.jpg 300w, https:\/\/p-guara.com\/wordpress\/wp-content\/uploads\/2021\/12\/FOTO-11-CASA-LARDIES-ANTES-REHABILITACION-1024x768.jpg 1024w, https:\/\/p-guara.com\/wordpress\/wp-content\/uploads\/2021\/12\/FOTO-11-CASA-LARDIES-ANTES-REHABILITACION-768x576.jpg 768w, https:\/\/p-guara.com\/wordpress\/wp-content\/uploads\/2021\/12\/FOTO-11-CASA-LARDIES-ANTES-REHABILITACION-1536x1152.jpg 1536w\" sizes=\"(max-width: 1600px) 100vw, 1600px\" \/><\/a><figcaption class=\"blocks-gallery-item__caption\"><strong>Casa Lardi\u00e9s Antes Rehabilitaci\u00f3n<\/strong><\/figcaption><\/figure><\/li><li class=\"blocks-gallery-item\"><figure><a href=\"https:\/\/p-guara.com\/wordpress\/wp-content\/uploads\/2021\/12\/FOTO-12-ENTRADA-CORRAL-ANTES-DE-ACTUACION.jpg\"><img loading=\"lazy\" width=\"1936\" height=\"1296\" src=\"https:\/\/p-guara.com\/wordpress\/wp-content\/uploads\/2021\/12\/FOTO-12-ENTRADA-CORRAL-ANTES-DE-ACTUACION.jpg\" alt=\"\" data-id=\"15473\" data-link=\"https:\/\/p-guara.com\/wordpress\/refugio-pena-guara-casa-lardies-nocito\/foto-12-entrada-corral-antes-de-actuacion\/\" class=\"wp-image-15473\" srcset=\"https:\/\/p-guara.com\/wordpress\/wp-content\/uploads\/2021\/12\/FOTO-12-ENTRADA-CORRAL-ANTES-DE-ACTUACION.jpg 1936w, https:\/\/p-guara.com\/wordpress\/wp-content\/uploads\/2021\/12\/FOTO-12-ENTRADA-CORRAL-ANTES-DE-ACTUACION-300x201.jpg 300w, https:\/\/p-guara.com\/wordpress\/wp-content\/uploads\/2021\/12\/FOTO-12-ENTRADA-CORRAL-ANTES-DE-ACTUACION-1024x685.jpg 1024w, https:\/\/p-guara.com\/wordpress\/wp-content\/uploads\/2021\/12\/FOTO-12-ENTRADA-CORRAL-ANTES-DE-ACTUACION-768x514.jpg 768w, https:\/\/p-guara.com\/wordpress\/wp-content\/uploads\/2021\/12\/FOTO-12-ENTRADA-CORRAL-ANTES-DE-ACTUACION-1536x1028.jpg 1536w\" sizes=\"(max-width: 1936px) 100vw, 1936px\" \/><\/a><figcaption class=\"blocks-gallery-item__caption\"><strong>Entrada Corral &#8211; Antes<\/strong><\/figcaption><\/figure><\/li><li class=\"blocks-gallery-item\"><figure><a href=\"https:\/\/p-guara.com\/wordpress\/wp-content\/uploads\/2021\/12\/FOTO-13-ENTRADA-CORRAL-DESPUES-DE-ACTUACION.jpeg\"><img loading=\"lazy\" width=\"1197\" height=\"928\" src=\"https:\/\/p-guara.com\/wordpress\/wp-content\/uploads\/2021\/12\/FOTO-13-ENTRADA-CORRAL-DESPUES-DE-ACTUACION.jpeg\" alt=\"\" data-id=\"15474\" data-link=\"https:\/\/p-guara.com\/wordpress\/refugio-pena-guara-casa-lardies-nocito\/foto-13-entrada-corral-despues-de-actuacion\/\" class=\"wp-image-15474\" srcset=\"https:\/\/p-guara.com\/wordpress\/wp-content\/uploads\/2021\/12\/FOTO-13-ENTRADA-CORRAL-DESPUES-DE-ACTUACION.jpeg 1197w, https:\/\/p-guara.com\/wordpress\/wp-content\/uploads\/2021\/12\/FOTO-13-ENTRADA-CORRAL-DESPUES-DE-ACTUACION-300x233.jpeg 300w, https:\/\/p-guara.com\/wordpress\/wp-content\/uploads\/2021\/12\/FOTO-13-ENTRADA-CORRAL-DESPUES-DE-ACTUACION-1024x794.jpeg 1024w, https:\/\/p-guara.com\/wordpress\/wp-content\/uploads\/2021\/12\/FOTO-13-ENTRADA-CORRAL-DESPUES-DE-ACTUACION-768x595.jpeg 768w\" sizes=\"(max-width: 1197px) 100vw, 1197px\" \/><\/a><figcaption class=\"blocks-gallery-item__caption\"><strong>Entrada Corral &#8211; Despu\u00e9s<\/strong><\/figcaption><\/figure><\/li><li class=\"blocks-gallery-item\"><figure><a href=\"https:\/\/p-guara.com\/wordpress\/wp-content\/uploads\/2021\/12\/FOTO-1-Foto-Refugio-Nocito.jpeg\"><img loading=\"lazy\" width=\"1600\" height=\"899\" src=\"https:\/\/p-guara.com\/wordpress\/wp-content\/uploads\/2021\/12\/FOTO-1-Foto-Refugio-Nocito.jpeg\" alt=\"\" data-id=\"15475\" data-link=\"https:\/\/p-guara.com\/wordpress\/refugio-pena-guara-casa-lardies-nocito\/foto-1-foto-refugio-nocito\/\" class=\"wp-image-15475\" srcset=\"https:\/\/p-guara.com\/wordpress\/wp-content\/uploads\/2021\/12\/FOTO-1-Foto-Refugio-Nocito.jpeg 1600w, https:\/\/p-guara.com\/wordpress\/wp-content\/uploads\/2021\/12\/FOTO-1-Foto-Refugio-Nocito-300x169.jpeg 300w, https:\/\/p-guara.com\/wordpress\/wp-content\/uploads\/2021\/12\/FOTO-1-Foto-Refugio-Nocito-1024x575.jpeg 1024w, https:\/\/p-guara.com\/wordpress\/wp-content\/uploads\/2021\/12\/FOTO-1-Foto-Refugio-Nocito-768x432.jpeg 768w, https:\/\/p-guara.com\/wordpress\/wp-content\/uploads\/2021\/12\/FOTO-1-Foto-Refugio-Nocito-1536x863.jpeg 1536w\" sizes=\"(max-width: 1600px) 100vw, 1600px\" \/><\/a><\/figure><\/li><\/ul><\/figure>\n\n\n\n<ul><li><a href=\"http:\/\/p-guara.com\/wordpress\/wp-content\/uploads\/2021\/12\/2.-memoria-grafica.pdf\"><strong>MEMORIA FOTOGR\u00c1FICA<\/strong><\/a><\/li><\/ul>\n\n\n\n<h4 class=\"has-text-align-center\"><strong><u><span class=\"has-inline-color has-vivid-cyan-blue-color\">COSTE EJECUCION PROYECTO<\/span><\/u><\/strong><\/h4>\n\n\n\n<ul><li>Inversi\u00f3n total proyecto rehabilitaci\u00f3n-construcci\u00f3n: 1.181.916,11\u20ac (IVA incluido).<br><\/li><li>Coste Edificio Casa Lardi\u00e9s para utilizaci\u00f3n como Refugio: 795.055,65\u20ac (IVA incluido).<ul><li>Financiaci\u00f3n:<ul><li>Pe\u00f1a Guara \u2013 Fondos propios y aportaciones sociales: 695.120,84\u20ac<\/li><li>Grupo Leader Adesho:&nbsp;99.934,81\u20ac<br><\/li><\/ul><\/li><\/ul><\/li><li>Coste Edificio Multiusos para utilizaci\u00f3n social: 386.860,46\u20ac (IVA incluido).<ul><li>Financiaci\u00f3n:<ul><li>Diputaci\u00f3n Provincial de Huesca (80%):&nbsp;309.488,36\u20ac&nbsp;<\/li><li>Ayuntamiento de Nueno (20%): 77.372,21\u20ac<br><\/li><\/ul><\/li><\/ul><\/li><li>Coste Equipamiento 1\u00ba Fase (cocina): 32.311,82\u20ac (IVA incluido).<ul><li>Financiaci\u00f3n:<ul><li>Ayuntamiento de Huesca: 24.000.00\u20ac<\/li><li>Pe\u00f1a Guara-Fondos propios y aportaciones sociales: 8.311.82\u20ac<br><\/li><\/ul><\/li><\/ul><\/li><li>Coste Equipamiento 2\u00aa Fase (cocina \u2013 cafeter\u00eda): 35.756,82\u20ac (IVA incluido).<\/li><li>Coste Equipamiento mobiliario refugio: 32.960,00\u20ac (IVA incluido).<ul><li>Financiaci\u00f3n:<ul><li>Pe\u00f1a Guara-Fondos propios y aportaciones sociales: 68.716.82\u20ac&nbsp;&nbsp;<\/li><\/ul><\/li><\/ul><\/li><\/ul>\n\n\n\n<h4 class=\"has-text-align-center\"><strong><u><span class=\"has-inline-color has-vivid-cyan-blue-color\">RECIBO EXTRAORDINARIO DE CUOTA (26 euros)<\/span><\/u><\/strong><\/h4>\n\n\n\n<p>En el momento que nos encontramos en cuanto a la financiaci\u00f3n de la obra necesitamos cubrir los importes de los equipamientos del refugio, ya que todos los fondos y aportaciones sociales realizadas hasta la fecha se han dedicado a la construcci\u00f3n del refugio.<\/p>\n\n\n\n<p>El importe necesario para cubrir el mobiliario y maquinaria que resta asciende a 77.000 euros.<\/p>\n\n\n\n<p>Ante esta situaci\u00f3n y con la finalidad de que el proceso de construcci\u00f3n y apertura del refugio (previsto para abril-mayo del pr\u00f3ximo a\u00f1o) no se paralice y pueda seguir el ritmo de actuaci\u00f3n previsto, en la Junta Directiva del Club celebrada el pasado d\u00eda 23 de noviembre acordamos el pasar a los socios mayores una cuota extraordinaria de <strong>26 euros<\/strong>. Con este importe podr\u00edamos dejar resuelta la financiaci\u00f3n del equipamiento y mobiliario.<\/p>\n\n\n\n<p>La cuota extraordinaria se pasar\u00e1 a final del mes de enero de 2022, as\u00ed mismo se acord\u00f3 que todo aquel socio que no pueda o no desee abonar dicho importe, nos lo podr\u00e1 comunicar antes del 24 de enero de 2022 y de esta forma no se le pasar\u00e1 el recibo extraordinario.<\/p>\n\n\n\n<p>Por otro lado, muchos de vosotros nos hab\u00e9is manifestado la posibilidad de realizar una aportaci\u00f3n mayor a la propuesta, acci\u00f3n que os agradecemos much\u00edsimo y que nos anima a seguir adelante con un compromiso adquirido en 1973, marcado como objetivo en 1996 y que ser\u00e1 una realidad en 2022.&nbsp; \u201cCasa Lardi\u00e9s\u201d en un peque\u00f1o periodo de tiempo estar\u00e1 a nuestra disposici\u00f3n para nuestro disfrute.<\/p>\n\n\n\n<p>Con el deseo de que nuestra propuesta sea bien acogida por todos vosotros, y que de esta forma podamos dar por concluido todo un compromiso de nuestros anteriores gestores de nuestra querida sociedad, y que a nosotros nos ha tocado hacerlo realidad, reiterando nuestro agradecimiento y reconocimiento por vuestra extraordinaria colaboraci\u00f3n, recibir un cordial saludo.&nbsp;&nbsp;&nbsp;&nbsp;&nbsp;&nbsp;&nbsp;<\/p>\n\n\n\n<h1 class=\"has-text-align-center\"><strong><span class=\"has-inline-color has-vivid-cyan-blue-color\">CON EL APOYO FINANCIERO<\/span><\/strong><\/h1>\n\n\n\n<div class=\"wp-block-image\"><figure class=\"aligncenter size-large\"><a href=\"https:\/\/p-guara.com\/wordpress\/wp-content\/uploads\/2021\/11\/FINANCIACION-NOCITO.jpg\"><img loading=\"lazy\" width=\"1024\" height=\"212\" src=\"https:\/\/p-guara.com\/wordpress\/wp-content\/uploads\/2021\/11\/FINANCIACION-NOCITO-1024x212.jpg\" alt=\"\" class=\"wp-image-15450\" srcset=\"https:\/\/p-guara.com\/wordpress\/wp-content\/uploads\/2021\/11\/FINANCIACION-NOCITO-1024x212.jpg 1024w, https:\/\/p-guara.com\/wordpress\/wp-content\/uploads\/2021\/11\/FINANCIACION-NOCITO-300x62.jpg 300w, https:\/\/p-guara.com\/wordpress\/wp-content\/uploads\/2021\/11\/FINANCIACION-NOCITO-768x159.jpg 768w, https:\/\/p-guara.com\/wordpress\/wp-content\/uploads\/2021\/11\/FINANCIACION-NOCITO-1536x318.jpg 1536w, https:\/\/p-guara.com\/wordpress\/wp-content\/uploads\/2021\/11\/FINANCIACION-NOCITO.jpg 1799w\" sizes=\"(max-width: 1024px) 100vw, 1024px\" \/><\/a><\/figure><\/div>\n","protected":false},"excerpt":{"rendered":"<p>GALER\u00cdA DE FOTOS DEL 12 DE MAYO, YA FALTA MENOS&#8230; ANTECEDENTES CONTRUCCI\u00d3N REFUGIO EN NOCITO En 1973 Pe\u00f1a Guara adquiri\u00f3 previa donaci\u00f3n de D. Jos\u00e9 Cardus Naya una casa en estado ruinoso en la localidad de Nocito con la finalidad de construir un Refugio de Monta\u00f1a para albergar monta\u00f1eros que ya transitaban por esas zonas &hellip; <\/p>\n<p><a class=\"more-link block-button\" href=\"https:\/\/p-guara.com\/wordpress\/refugio-pena-guara-casa-lardies-nocito\/\">Continuar leyendo &raquo;<\/a><\/p>\n","protected":false},"author":2,"featured_media":15475,"parent":0,"menu_order":0,"comment_status":"closed","ping_status":"closed","template":"","meta":[],"_links":{"self":[{"href":"https:\/\/p-guara.com\/wordpress\/wp-json\/wp\/v2\/pages\/15448"}],"collection":[{"href":"https:\/\/p-guara.com\/wordpress\/wp-json\/wp\/v2\/pages"}],"about":[{"href":"https:\/\/p-guara.com\/wordpress\/wp-json\/wp\/v2\/types\/page"}],"author":[{"embeddable":true,"href":"https:\/\/p-guara.com\/wordpress\/wp-json\/wp\/v2\/users\/2"}],"replies":[{"embeddable":true,"href":"https:\/\/p-guara.com\/wordpress\/wp-json\/wp\/v2\/comments?post=15448"}],"version-history":[{"count":10,"href":"https:\/\/p-guara.com\/wordpress\/wp-json\/wp\/v2\/pages\/15448\/revisions"}],"predecessor-version":[{"id":16296,"href":"https:\/\/p-guara.com\/wordpress\/wp-json\/wp\/v2\/pages\/15448\/revisions\/16296"}],"wp:featuredmedia":[{"embeddable":true,"href":"https:\/\/p-guara.com\/wordpress\/wp-json\/wp\/v2\/media\/15475"}],"wp:attachment":[{"href":"https:\/\/p-guara.com\/wordpress\/wp-json\/wp\/v2\/media?parent=15448"}],"curies":[{"name":"wp","href":"https:\/\/api.w.org\/{rel}","templated":true}]}}